{"id":958,"date":"2018-08-30T13:18:23","date_gmt":"2018-08-30T16:18:23","guid":{"rendered":"https:\/\/isgoya-crr.infd.edu.ar\/sitio\/autoridades\/"},"modified":"2022-07-13T15:48:23","modified_gmt":"2022-07-13T18:48:23","slug":"autoridades","status":"publish","type":"page","link":"https:\/\/isgoya-crr.infd.edu.ar\/sitio\/autoridades\/","title":{"rendered":"Autoridades"},"content":{"rendered":"<p><span style=\"font-size: small; color: #cc6600; font-family: arial,helvetica,sans-serif;\"><strong>\u00a0<\/strong><\/span><\/p>\n<p style=\"text-align: center;\"><span style=\"font-size: 12pt; color: #000000;\"><strong><span style=\"text-decoration: underline;\">Rector:<\/span><\/strong> Prof. Daniel Omar Lesteime<\/span><\/p>\n<p style=\"text-align: center;\"><span style=\"font-size: 12pt; color: #000000;\"><strong><span style=\"text-decoration: underline;\">Vice-Rectora:<\/span><\/strong>\u00a0 Prof. Gabriela Gonz\u00e1lez Sandoval<\/span><\/p>\n<p style=\"text-align: center;\"><span style=\"font-size: 12pt; color: #000000;\"><strong><span style=\"text-decoration: underline;\">Regente:<\/span><\/strong><br \/>\n<\/span><\/p>\n<p style=\"text-align: center;\"><span style=\"font-size: 12pt; color: #000000;\">\u00a0<\/span><\/p>\n<ul>\n<li><span style=\"font-size: 12pt; color: #000000;\"><em>Coordinadora de Tecnicaturas:<\/em>\u00a0Prof. Anabela Quiroga<\/span><\/li>\n<li><span style=\"font-size: 12pt; color: #000000;\"><em>Coordinador de Investigaci\u00f3n: <\/em>Prof. Maximiliano Dacuy<\/span><\/li>\n<li><span style=\"font-size: 12pt; color: #000000;\"><em>Coordinadora de Formaci\u00f3n Inicial:<\/em> Prof. Andrea Benetti<\/span><\/li>\n<li><span style=\"font-size: 12pt; color: #000000;\">C<em>oordinador de Formaci\u00f3n Continua:<\/em> Prof. Mart\u00edn Vasquez<\/span><\/li>\n<li><span style=\"font-size: 12pt; color: #000000;\"><em>Coordinadora de Especializaci\u00f3n Docente:<\/em> Prof. Laura Segovia<\/span><\/li>\n<li><span style=\"color: #000000;\"><em><span style=\"font-size: 12pt;\">Coordinadora Institucional de Pol\u00edticas Estudiantiles: Aranda Milagros<\/span><\/em><\/span><\/li>\n<li><span style=\"color: #000000;\"><span style=\"font-size: 12pt;\"><em>Coordinadora de Apoyo Pedag\u00f3gico a Escuelas:<\/em> Martina Alicia Brest<\/span><\/span><\/li>\n<li><span style=\"color: #000000;\"><span style=\"font-size: 12pt;\"><em>Coordinadora de Pr\u00e1ctica Docente:<\/em><\/span><\/span><\/li>\n<li><span style=\"color: #000000;\"><span style=\"font-size: 12pt;\"><em>Coordinadora Extensi\u00f3n \u00c1ulica Carolina:<\/em>\u00a0<\/span><\/span><\/li>\n<li><span style=\"color: #000000;\"><span style=\"font-size: 12pt;\"><em>Coordinadora de Radio: Di Filippo<\/em> Francisco<\/span><\/span><\/li>\n<\/ul>\n<p><span style=\"color: #ff6600; font-size: 12pt;\">\u00a0<\/span><span style=\"font-size: 12pt; color: #3366ff;\"><strong>Coordinadores de Carreras<\/strong><\/span><\/p>\n<ul class=\"unIndentedList\">\n<li><span style=\"font-size: 12pt; color: #000000;\"><em>Profesorado de Matem\u00e1tica:<\/em> Prof. Leguiza M\u00f3nica\u00a0<\/span><\/li>\n<li><span style=\"font-size: 12pt; color: #000000;\"><em>Profesorado de F\u00edsica:<\/em> Prof. Vidal Noelia<\/span><\/li>\n<li><span style=\"font-size: 12pt; color: #000000;\"><em>Profesorado de Artes Visuales:<\/em> Prof. Zen\u00f3n Gisella<\/span><\/li>\n<li><span style=\"color: #000000;\"><em><span style=\"font-size: 12pt;\">Profesorado de Agronom\u00eda: <\/span><\/em><span style=\"font-size: 12pt;\">Prof. Bueno Edna<\/span><\/span><\/li>\n<li><span style=\"color: #000000;\"><em><span style=\"font-size: 12pt;\">Profesorado de Educaci\u00f3n Especial con Orientaci\u00f3n en Discapacidad Intelectual: Prof. Borghi <\/span><\/em><span style=\"font-size: 12pt;\">Mariana\u00a0<\/span><\/span><\/li>\n<li><span style=\"font-size: 12pt; color: #000000;\"><span style=\"font-size: 12pt;\"><em>Profesorado de\u00a0Educaci\u00f3n Tenol\u00f3gica: <\/em>Prof. Escobar Carolina<\/span><\/span><\/li>\n<li><span style=\"font-size: 12pt; color: #000000;\"><em>Profesorado de\u00a0Educaci\u00f3n Inicial:<\/em> Prof. Zabala Karina<\/span><\/li>\n<li><span style=\"font-size: 12pt; color: #000000;\"><em>Profesorado de Educaci\u00f3n Primaria:<\/em> Prof. Giordano Alejandra<\/span><\/li>\n<li><span style=\"font-size: 12pt; color: #000000;\"><span style=\"font-size: 12pt;\"><em>Profesorado de\u00a0Historia: <\/em>Prof. Gonnet Gabriel<\/span><\/span><\/li>\n<li><span style=\"font-size: 12pt; color: #000000;\"><span style=\"font-size: 12pt;\"><em>Profesorado de Ingl\u00e9s: <\/em>Prof. Abib Romano Silvina<\/span><\/span><\/li>\n<li><span style=\"font-size: 12pt; color: #000000;\"><span style=\"font-size: 12pt;\"><em>Profesorado de Cs. de la Educaci\u00f3n: <\/em>Nu\u00f1ez Julio<\/span><\/span><\/li>\n<li><span style=\"color: #000000;\"><em><span style=\"font-size: 12pt;\">Tecnicatura Superior en Administraci\u00f3n P\u00fablica: <\/span><\/em><span style=\"font-size: 12pt;\">Prof. Decotto Lucia<\/span><\/span><\/li>\n<li><span style=\"color: #000000;\"><em><span style=\"font-size: 12pt;\">Tecnicatura en Infraestructura Inform\u00e1tica: <\/span><\/em><span style=\"font-size: 12pt;\">Prof. Romero Mart\u00edn<\/span><\/span><\/li>\n<li><span style=\"color: #000000;\"><span style=\"font-size: 12pt;\"><em>Tecnicatura en Bromatolog\u00eda: <\/em>Prof. Melana Jorge Alfredo<\/span><\/span><\/li>\n<li>Tecnicatura Superior en Hoteler\u00eda: Prof. Grabowiecki Ana<\/li>\n<li>Tecnicatura Superior en Turismo: Prof. Aparicio Romina<\/li>\n<\/ul>\n<p><span style=\"color: #000000; background-color: #ffffff;\"><em><span style=\"font-size: 12pt;\">Presidente del Centro de Estudiantes: Paniagua Agustin<\/span><\/em><\/span><span style=\"font-size: 12pt;\"><br \/>\n<\/span><\/p>\n<p><span style=\"color: #000000;\"><em><span style=\"font-size: 12pt;\">Representante del Personal no Docente:\u00a0<\/span><\/em><em><span style=\"font-size: 12pt;\"><br \/>\n<\/span><\/em><\/span><\/p>\n","protected":false},"excerpt":{"rendered":"<p>\u00a0 Rector: Prof. Daniel Omar Lesteime Vice-Rectora:\u00a0 Prof. Gabriela Gonz\u00e1lez Sandoval Regente: \u00a0 Coordinadora de Tecnicaturas:\u00a0Prof. Anabela Quiroga Coordinador de Investigaci\u00f3n: Prof. Maximiliano Dacuy Coordinadora de Formaci\u00f3n Inicial: Prof. Andrea Benetti Coordinador de Formaci\u00f3n Continua: Prof. Mart\u00edn Vasquez Coordinadora de Especializaci\u00f3n Docente: Prof. Laura Segovia Coordinadora Institucional de Pol\u00edticas Estudiantiles: Aranda Milagros Coordinadora de Apoyo &#8230; <a title=\"Autoridades\" class=\"read-more\" href=\"https:\/\/isgoya-crr.infd.edu.ar\/sitio\/autoridades\/\" aria-label=\"More on Autoridades\">[+]<\/a><\/p>\n","protected":false},"author":2329,"featured_media":0,"parent":0,"menu_order":0,"comment_status":"closed","ping_status":"closed","template":"","meta":[],"acf":[],"_links":{"self":[{"href":"https:\/\/isgoya-crr.infd.edu.ar\/sitio\/wp-json\/wp\/v2\/pages\/958"}],"collection":[{"href":"https:\/\/isgoya-crr.infd.edu.ar\/sitio\/wp-json\/wp\/v2\/pages"}],"about":[{"href":"https:\/\/isgoya-crr.infd.edu.ar\/sitio\/wp-json\/wp\/v2\/types\/page"}],"author":[{"embeddable":true,"href":"https:\/\/isgoya-crr.infd.edu.ar\/sitio\/wp-json\/wp\/v2\/users\/2329"}],"replies":[{"embeddable":true,"href":"https:\/\/isgoya-crr.infd.edu.ar\/sitio\/wp-json\/wp\/v2\/comments?post=958"}],"version-history":[{"count":4,"href":"https:\/\/isgoya-crr.infd.edu.ar\/sitio\/wp-json\/wp\/v2\/pages\/958\/revisions"}],"predecessor-version":[{"id":1451,"href":"https:\/\/isgoya-crr.infd.edu.ar\/sitio\/wp-json\/wp\/v2\/pages\/958\/revisions\/1451"}],"wp:attachment":[{"href":"https:\/\/isgoya-crr.infd.edu.ar\/sitio\/wp-json\/wp\/v2\/media?parent=958"}],"curies":[{"name":"wp","href":"https:\/\/api.w.org\/{rel}","templated":true}]}}